{"id":1725,"date":"2024-01-18T11:08:48","date_gmt":"2024-01-18T10:08:48","guid":{"rendered":"https:\/\/fundacionhumanismoyciencia.org\/?page_id=1725"},"modified":"2024-02-07T09:49:38","modified_gmt":"2024-02-07T08:49:38","slug":"fernando-maestu-curso-2023-2024","status":"publish","type":"page","link":"https:\/\/fundacionhumanismoyciencia.org\/en\/fernando-maestu-curso-2023-2024\/","title":{"rendered":"Fernando Maest\u00fa curso 2023-2024"},"content":{"rendered":"<div data-elementor-type=\"wp-page\" data-elementor-id=\"1725\" class=\"elementor elementor-1725\" data-elementor-post-type=\"page\">\n\t\t\t\t<div class=\"elementor-element elementor-element-3e889bc e-flex e-con-boxed e-con e-parent\" data-id=\"3e889bc\" data-element_type=\"container\" data-e-type=\"container\">\n\t\t\t\t\t<div class=\"e-con-inner\">\n\t\t<div class=\"elementor-element elementor-element-d6ed72e e-con-full e-flex e-con e-child\" data-id=\"d6ed72e\" data-element_type=\"container\" data-e-type=\"container\">\n\t\t\t\t<div class=\"elementor-element elementor-element-5625297 elementor-invisible elementor-widget elementor-widget-button\" data-id=\"5625297\" data-element_type=\"widget\" data-e-type=\"widget\" data-settings=\"{&quot;_animation&quot;:&quot;fadeInDown&quot;,&quot;_animation_laptop&quot;:&quot;fadeInRight&quot;}\" data-widget_type=\"button.default\">\n\t\t\t\t<div class=\"elementor-widget-container\">\n\t\t\t\t\t\t\t\t\t<div class=\"elementor-button-wrapper\">\n\t\t\t\t\t<a class=\"elementor-button elementor-button-link elementor-size-sm\" href=\"https:\/\/fundacionhumanismoyciencia.org\/en\/sala-de-prensa\/\">\n\t\t\t\t\t\t<span class=\"elementor-button-content-wrapper\">\n\t\t\t\t\t\t\t\t\t<span class=\"elementor-button-text\">\u2190 PRESS<\/span>\n\t\t\t\t\t<\/span>\n\t\t\t\t\t<\/a>\n\t\t\t\t<\/div>\n\t\t\t\t\t\t\t\t<\/div>\n\t\t\t\t<\/div>\n\t\t\t\t<\/div>\n\t\t<div class=\"elementor-element elementor-element-62291bc e-con-full e-flex e-con e-child\" data-id=\"62291bc\" data-element_type=\"container\" data-e-type=\"container\">\n\t\t\t\t<div class=\"elementor-element elementor-element-1edf965 elementor-widget elementor-widget-image\" data-id=\"1edf965\" data-element_type=\"widget\" data-e-type=\"widget\" data-widget_type=\"image.default\">\n\t\t\t\t<div class=\"elementor-widget-container\">\n\t\t\t\t\t\t\t\t\t\t\t\t\t\t\t<img fetchpriority=\"high\" decoding=\"async\" width=\"1600\" height=\"700\" src=\"https:\/\/fundacionhumanismoyciencia.org\/wp-content\/uploads\/2024\/01\/fernando-maestu-fhc.webp\" class=\"attachment-full size-full wp-image-1702\" alt=\"\" srcset=\"https:\/\/fundacionhumanismoyciencia.org\/wp-content\/uploads\/2024\/01\/fernando-maestu-fhc.webp 1600w, https:\/\/fundacionhumanismoyciencia.org\/wp-content\/uploads\/2024\/01\/fernando-maestu-fhc-300x131.webp 300w, https:\/\/fundacionhumanismoyciencia.org\/wp-content\/uploads\/2024\/01\/fernando-maestu-fhc-1024x448.webp 1024w, https:\/\/fundacionhumanismoyciencia.org\/wp-content\/uploads\/2024\/01\/fernando-maestu-fhc-768x336.webp 768w, https:\/\/fundacionhumanismoyciencia.org\/wp-content\/uploads\/2024\/01\/fernando-maestu-fhc-1536x672.webp 1536w\" sizes=\"(max-width: 1600px) 100vw, 1600px\" \/>\t\t\t\t\t\t\t\t\t\t\t\t\t\t\t<\/div>\n\t\t\t\t<\/div>\n\t\t\t\t<div class=\"elementor-element elementor-element-112604d colortext elementor-widget elementor-widget-heading\" data-id=\"112604d\" data-element_type=\"widget\" data-e-type=\"widget\" data-widget_type=\"heading.default\">\n\t\t\t\t<div class=\"elementor-widget-container\">\n\t\t\t\t\t<h1 class=\"elementor-heading-title elementor-size-default\">Fernando Maest\u00fa inaugura el curso 2023-2024<\/h1>\t\t\t\t<\/div>\n\t\t\t\t<\/div>\n\t\t\t\t<div class=\"elementor-element elementor-element-9319cfb colortext elementor-widget elementor-widget-heading\" data-id=\"9319cfb\" data-element_type=\"widget\" data-e-type=\"widget\" data-widget_type=\"heading.default\">\n\t\t\t\t<div class=\"elementor-widget-container\">\n\t\t\t\t\t<h2 class=\"elementor-heading-title elementor-size-default\">\"Desde el factor humano hasta la inteligencia artificial: una \u2019evoluci\u00f3n\u2019 de lo sem\u00e1ntico a lo sint\u00e1ctico\"<\/h2>\t\t\t\t<\/div>\n\t\t\t\t<\/div>\n\t\t\t\t<div class=\"elementor-element elementor-element-cb0c018 elementor-widget elementor-widget-text-editor\" data-id=\"cb0c018\" data-element_type=\"widget\" data-e-type=\"widget\" data-widget_type=\"text-editor.default\">\n\t\t\t\t<div class=\"elementor-widget-container\">\n\t\t\t\t\t\t\t\t\t<p>El pasado 28 de septiembre de 2023, la\u00a0<strong>Complutense University of Madrid<\/strong>\u00a0tuvo el honor de inaugurar oficialmente el Curso Acad\u00e9mico 2023-2024 con un Acto Acad\u00e9mico de Apertura lleno de distinguidos invitados y acad\u00e9micos de renombre. El evento se llev\u00f3 a cabo en el Aula Magna de la Universidad y cont\u00f3 con la participaci\u00f3n destacada de\u00a0<strong>D. Fernando Maest\u00fa Unturbe<\/strong>, Profesor del Departamento de Psicolog\u00eda Experimental de la UCM y Director Cient\u00edfico de la Fundaci\u00f3n Humanismo y Ciencia.<\/p><p>D. Fernando Maest\u00fa Unturbe fue el encargado de impartir la conferencia inaugural, que llev\u00f3 por t\u00edtulo\u00a0<strong>\u00abDesde el factor humano hasta la inteligencia artificial: una \u2018evoluci\u00f3n\u2019 de lo sem\u00e1ntico a lo sint\u00e1ctico\u00bb<\/strong>. Esta conferencia atrajo a una audiencia diversa de acad\u00e9micos, estudiantes y profesionales interesados en el tema de la evoluci\u00f3n de la inteligencia artificial y su relaci\u00f3n con el ser humano.<\/p><p>En su discurso, el\u00a0<strong>Profesor Maest\u00fa Unturbe<\/strong>\u00a0destac\u00f3 la importancia de comprender la transici\u00f3n de los enfoques sem\u00e1nticos a los sint\u00e1cticos en el desarrollo de la inteligencia artificial y c\u00f3mo esto est\u00e1 influido por nuestra comprensi\u00f3n del factor humano. Explor\u00f3 los avances recientes en el campo de la inteligencia artificial y su impacto en diversas \u00e1reas, desde la medicina hasta la tecnolog\u00eda.<\/p><p>La conferencia de\u00a0<strong>D. Fernando Maest\u00fa Unturbe<\/strong>\u00a0fue un punto culminante del Acto Acad\u00e9mico de Apertura y proporcion\u00f3 una visi\u00f3n profunda y reflexiva sobre el futuro de la inteligencia artificial y su relaci\u00f3n con la humanidad.<\/p><p>La Universidad Complutense de Madrid se enorgullece de contar con la destacada participaci\u00f3n de\u00a0<strong>D. Fernando Maest\u00fa Unturbe<\/strong>\u00a0en este evento acad\u00e9mico de importancia. Su experiencia y conocimientos en el campo de la psicolog\u00eda experimental y la inteligencia artificial aportaron un valioso enriquecimiento a la comunidad acad\u00e9mica de la UCM.<\/p>\t\t\t\t\t\t\t\t<\/div>\n\t\t\t\t<\/div>\n\t\t\t\t<div class=\"elementor-element elementor-element-abe7d6e elementor-widget elementor-widget-image\" data-id=\"abe7d6e\" data-element_type=\"widget\" data-e-type=\"widget\" data-widget_type=\"image.default\">\n\t\t\t\t<div class=\"elementor-widget-container\">\n\t\t\t\t\t\t\t\t\t\t\t\t<figure class=\"wp-caption\">\n\t\t\t\t\t\t\t\t\t\t<img decoding=\"async\" width=\"768\" height=\"694\" src=\"https:\/\/fundacionhumanismoyciencia.org\/wp-content\/uploads\/2024\/01\/Javier-Fernando-Ceferino-1-768x694-1.jpg\" class=\"attachment-full size-full wp-image-1690\" alt=\"\" srcset=\"https:\/\/fundacionhumanismoyciencia.org\/wp-content\/uploads\/2024\/01\/Javier-Fernando-Ceferino-1-768x694-1.jpg 768w, https:\/\/fundacionhumanismoyciencia.org\/wp-content\/uploads\/2024\/01\/Javier-Fernando-Ceferino-1-768x694-1-300x271.jpg 300w\" sizes=\"(max-width: 768px) 100vw, 768px\" \/>\t\t\t\t\t\t\t\t\t\t\t<figcaption class=\"widget-image-caption wp-caption-text\">En imagen de derecha a izquierda: D. Fernando Maest\u00fa (Director Cient\u00edfico de la Fundaci\u00f3n Humanismo y Ciencia); Dr. Ceferino Maest\u00fa (Director del Laboratorio de Bioelectromagnetismo del CTB Universidad Polit\u00e9cnica de Madrid) y D. Javier L\u00f3pez Sed\u00f3 (Director Gerente de la Fundaci\u00f3n Humanismo y Ciencia).<\/figcaption>\n\t\t\t\t\t\t\t\t\t\t<\/figure>\n\t\t\t\t\t\t\t\t\t<\/div>\n\t\t\t\t<\/div>\n\t\t\t\t<div class=\"elementor-element elementor-element-0f8c3ad elementor-widget elementor-widget-heading\" data-id=\"0f8c3ad\" data-element_type=\"widget\" data-e-type=\"widget\" data-widget_type=\"heading.default\">\n\t\t\t\t<div class=\"elementor-widget-container\">\n\t\t\t\t\t<h4 class=\"elementor-heading-title elementor-size-default\">Compartimos el extracto del discurso de D. Fernando Maest\u00fa y que es parte del video de la Apertura de curso 2023 \u2013 2024 realizado por la Universidad Complutense de Madrid<\/h4>\t\t\t\t<\/div>\n\t\t\t\t<\/div>\n\t\t\t\t<div class=\"elementor-element elementor-element-dfe358f elementor-widget elementor-widget-video\" data-id=\"dfe358f\" data-element_type=\"widget\" data-e-type=\"widget\" data-settings=\"{&quot;youtube_url&quot;:&quot;https:\\\/\\\/www.youtube.com\\\/watch?v=MljASlpo0TI&amp;t=8s&quot;,&quot;video_type&quot;:&quot;youtube&quot;,&quot;controls&quot;:&quot;yes&quot;}\" data-widget_type=\"video.default\">\n\t\t\t\t<div class=\"elementor-widget-container\">\n\t\t\t\t\t\t\t<div class=\"elementor-wrapper elementor-open-inline\">\n\t\t\t<div class=\"elementor-video\"><\/div>\t\t<\/div>\n\t\t\t\t\t\t<\/div>\n\t\t\t\t<\/div>\n\t\t\t\t<\/div>\n\t\t<div class=\"elementor-element elementor-element-f45f104 e-con-full e-flex e-con e-child\" data-id=\"f45f104\" data-element_type=\"container\" data-e-type=\"container\">\n\t\t\t\t<\/div>\n\t\t\t\t\t<\/div>\n\t\t\t\t<\/div>\n\t\t\t\t<\/div>","protected":false},"excerpt":{"rendered":"<p>\u2190 PRENSA Fernando Maest\u00fa inaugura el curso 2023-2024 \u00abDesde el factor humano hasta la inteligencia artificial: una \u2019evoluci\u00f3n\u2019 de lo sem\u00e1ntico a lo sint\u00e1ctico\u00bb El pasado 28 de septiembre de 2023, la\u00a0Universidad Complutense de Madrid\u00a0tuvo el honor de inaugurar oficialmente el Curso Acad\u00e9mico 2023-2024 con un Acto Acad\u00e9mico de Apertura lleno de distinguidos invitados y [&hellip;]<\/p>\n","protected":false},"author":1,"featured_media":0,"parent":0,"menu_order":0,"comment_status":"closed","ping_status":"closed","template":"","meta":{"_acf_changed":false,"footnotes":""},"class_list":["post-1725","page","type-page","status-publish","hentry"],"acf":[],"yoast_head":"<!-- This site is optimized with the Yoast SEO plugin v27.1.1 - https:\/\/yoast.com\/product\/yoast-seo-wordpress\/ -->\n<title>Fernando Maest\u00fa en apertura del curso academico 2023 - 2024<\/title>\n<meta name=\"description\" content=\"Conferencia inaugural de Fernando Maest\u00fa: &quot;De lo sem\u00e1ntico a lo sint\u00e1ctico en la IA y el factor humano&quot;, UCM, 28\/09\/2023.\" \/>\n<meta name=\"robots\" content=\"index, follow, max-snippet:-1, max-image-preview:large, max-video-preview:-1\" \/>\n<link rel=\"canonical\" href=\"https:\/\/fundacionhumanismoyciencia.org\/en\/fernando-maestu-curso-2023-2024\/\" \/>\n<meta property=\"og:locale\" content=\"en_GB\" \/>\n<meta property=\"og:type\" content=\"article\" \/>\n<meta property=\"og:title\" content=\"Fernando Maest\u00fa en apertura del curso academico 2023 - 2024\" \/>\n<meta property=\"og:description\" content=\"Conferencia inaugural de Fernando Maest\u00fa: &quot;De lo sem\u00e1ntico a lo sint\u00e1ctico en la IA y el factor humano&quot;, UCM, 28\/09\/2023.\" \/>\n<meta property=\"og:url\" content=\"https:\/\/fundacionhumanismoyciencia.org\/en\/fernando-maestu-curso-2023-2024\/\" \/>\n<meta property=\"og:site_name\" content=\"Fundaci\u00f3n humanismo y ciencia\" \/>\n<meta property=\"article:publisher\" content=\"https:\/\/www.facebook.com\/fundacionhumanismoyciencia\" \/>\n<meta property=\"article:modified_time\" content=\"2024-02-07T08:49:38+00:00\" \/>\n<meta property=\"og:image\" content=\"https:\/\/fundacionhumanismoyciencia.org\/wp-content\/uploads\/2024\/01\/fernando-maestu-fhc.webp\" \/>\n<meta name=\"twitter:card\" content=\"summary_large_image\" \/>\n<meta name=\"twitter:label1\" content=\"Estimated reading time\" \/>\n\t<meta name=\"twitter:data1\" content=\"3 minutes\" \/>\n<script type=\"application\/ld+json\" class=\"yoast-schema-graph\">{\"@context\":\"https:\/\/schema.org\",\"@graph\":[{\"@type\":\"WebPage\",\"@id\":\"https:\/\/fundacionhumanismoyciencia.org\/fernando-maestu-curso-2023-2024\/\",\"url\":\"https:\/\/fundacionhumanismoyciencia.org\/fernando-maestu-curso-2023-2024\/\",\"name\":\"Fernando Maest\u00fa en apertura del curso academico 2023 - 2024\",\"isPartOf\":{\"@id\":\"https:\/\/fundacionhumanismoyciencia.org\/#website\"},\"primaryImageOfPage\":{\"@id\":\"https:\/\/fundacionhumanismoyciencia.org\/fernando-maestu-curso-2023-2024\/#primaryimage\"},\"image\":{\"@id\":\"https:\/\/fundacionhumanismoyciencia.org\/fernando-maestu-curso-2023-2024\/#primaryimage\"},\"thumbnailUrl\":\"https:\/\/fundacionhumanismoyciencia.org\/wp-content\/uploads\/2024\/01\/fernando-maestu-fhc.webp\",\"datePublished\":\"2024-01-18T10:08:48+00:00\",\"dateModified\":\"2024-02-07T08:49:38+00:00\",\"description\":\"Conferencia inaugural de Fernando Maest\u00fa: \\\"De lo sem\u00e1ntico a lo sint\u00e1ctico en la IA y el factor humano\\\", UCM, 28\/09\/2023.\",\"breadcrumb\":{\"@id\":\"https:\/\/fundacionhumanismoyciencia.org\/fernando-maestu-curso-2023-2024\/#breadcrumb\"},\"inLanguage\":\"en-GB\",\"potentialAction\":[{\"@type\":\"ReadAction\",\"target\":[\"https:\/\/fundacionhumanismoyciencia.org\/fernando-maestu-curso-2023-2024\/\"]}]},{\"@type\":\"ImageObject\",\"inLanguage\":\"en-GB\",\"@id\":\"https:\/\/fundacionhumanismoyciencia.org\/fernando-maestu-curso-2023-2024\/#primaryimage\",\"url\":\"https:\/\/fundacionhumanismoyciencia.org\/wp-content\/uploads\/2024\/01\/fernando-maestu-fhc.webp\",\"contentUrl\":\"https:\/\/fundacionhumanismoyciencia.org\/wp-content\/uploads\/2024\/01\/fernando-maestu-fhc.webp\"},{\"@type\":\"BreadcrumbList\",\"@id\":\"https:\/\/fundacionhumanismoyciencia.org\/fernando-maestu-curso-2023-2024\/#breadcrumb\",\"itemListElement\":[{\"@type\":\"ListItem\",\"position\":1,\"name\":\"Portada\",\"item\":\"https:\/\/fundacionhumanismoyciencia.org\/\"},{\"@type\":\"ListItem\",\"position\":2,\"name\":\"Fernando Maest\u00fa curso 2023-2024\"}]},{\"@type\":\"WebSite\",\"@id\":\"https:\/\/fundacionhumanismoyciencia.org\/#website\",\"url\":\"https:\/\/fundacionhumanismoyciencia.org\/\",\"name\":\"Fundaci\u00f3n humanismo y ciencia\",\"description\":\"\",\"publisher\":{\"@id\":\"https:\/\/fundacionhumanismoyciencia.org\/#organization\"},\"potentialAction\":[{\"@type\":\"SearchAction\",\"target\":{\"@type\":\"EntryPoint\",\"urlTemplate\":\"https:\/\/fundacionhumanismoyciencia.org\/?s={search_term_string}\"},\"query-input\":{\"@type\":\"PropertyValueSpecification\",\"valueRequired\":true,\"valueName\":\"search_term_string\"}}],\"inLanguage\":\"en-GB\"},{\"@type\":\"Organization\",\"@id\":\"https:\/\/fundacionhumanismoyciencia.org\/#organization\",\"name\":\"Fundaci\u00f3n humanismo y ciencia\",\"url\":\"https:\/\/fundacionhumanismoyciencia.org\/\",\"logo\":{\"@type\":\"ImageObject\",\"inLanguage\":\"en-GB\",\"@id\":\"https:\/\/fundacionhumanismoyciencia.org\/#\/schema\/logo\/image\/\",\"url\":\"https:\/\/fundacionhumanismoyciencia.org\/wp-content\/uploads\/2024\/01\/Logo_Cabecera_15.png\",\"contentUrl\":\"https:\/\/fundacionhumanismoyciencia.org\/wp-content\/uploads\/2024\/01\/Logo_Cabecera_15.png\",\"width\":504,\"height\":76,\"caption\":\"Fundaci\u00f3n humanismo y ciencia\"},\"image\":{\"@id\":\"https:\/\/fundacionhumanismoyciencia.org\/#\/schema\/logo\/image\/\"},\"sameAs\":[\"https:\/\/www.facebook.com\/fundacionhumanismoyciencia\",\"https:\/\/www.instagram.com\/fundacionhumanismoyciencia_\/\",\"https:\/\/www.linkedin.com\/company\/fundacion-humanismo-y-ciencia\/\",\"https:\/\/www.youtube.com\/@fundacion_humanismo_ciencia\"]}]}<\/script>\n<!-- \/ Yoast SEO plugin. -->","yoast_head_json":{"title":"Fernando Maest\u00fa en apertura del curso academico 2023 - 2024","description":"Conferencia inaugural de Fernando Maest\u00fa: \"De lo sem\u00e1ntico a lo sint\u00e1ctico en la IA y el factor humano\", UCM, 28\/09\/2023.","robots":{"index":"index","follow":"follow","max-snippet":"max-snippet:-1","max-image-preview":"max-image-preview:large","max-video-preview":"max-video-preview:-1"},"canonical":"https:\/\/fundacionhumanismoyciencia.org\/en\/fernando-maestu-curso-2023-2024\/","og_locale":"en_GB","og_type":"article","og_title":"Fernando Maest\u00fa en apertura del curso academico 2023 - 2024","og_description":"Conferencia inaugural de Fernando Maest\u00fa: \"De lo sem\u00e1ntico a lo sint\u00e1ctico en la IA y el factor humano\", UCM, 28\/09\/2023.","og_url":"https:\/\/fundacionhumanismoyciencia.org\/en\/fernando-maestu-curso-2023-2024\/","og_site_name":"Fundaci\u00f3n humanismo y ciencia","article_publisher":"https:\/\/www.facebook.com\/fundacionhumanismoyciencia","article_modified_time":"2024-02-07T08:49:38+00:00","og_image":[{"url":"https:\/\/fundacionhumanismoyciencia.org\/wp-content\/uploads\/2024\/01\/fernando-maestu-fhc.webp","type":"","width":"","height":""}],"twitter_card":"summary_large_image","twitter_misc":{"Estimated reading time":"3 minutes"},"schema":{"@context":"https:\/\/schema.org","@graph":[{"@type":"WebPage","@id":"https:\/\/fundacionhumanismoyciencia.org\/fernando-maestu-curso-2023-2024\/","url":"https:\/\/fundacionhumanismoyciencia.org\/fernando-maestu-curso-2023-2024\/","name":"Fernando Maest\u00fa en apertura del curso academico 2023 - 2024","isPartOf":{"@id":"https:\/\/fundacionhumanismoyciencia.org\/#website"},"primaryImageOfPage":{"@id":"https:\/\/fundacionhumanismoyciencia.org\/fernando-maestu-curso-2023-2024\/#primaryimage"},"image":{"@id":"https:\/\/fundacionhumanismoyciencia.org\/fernando-maestu-curso-2023-2024\/#primaryimage"},"thumbnailUrl":"https:\/\/fundacionhumanismoyciencia.org\/wp-content\/uploads\/2024\/01\/fernando-maestu-fhc.webp","datePublished":"2024-01-18T10:08:48+00:00","dateModified":"2024-02-07T08:49:38+00:00","description":"Conferencia inaugural de Fernando Maest\u00fa: \"De lo sem\u00e1ntico a lo sint\u00e1ctico en la IA y el factor humano\", UCM, 28\/09\/2023.","breadcrumb":{"@id":"https:\/\/fundacionhumanismoyciencia.org\/fernando-maestu-curso-2023-2024\/#breadcrumb"},"inLanguage":"en-GB","potentialAction":[{"@type":"ReadAction","target":["https:\/\/fundacionhumanismoyciencia.org\/fernando-maestu-curso-2023-2024\/"]}]},{"@type":"ImageObject","inLanguage":"en-GB","@id":"https:\/\/fundacionhumanismoyciencia.org\/fernando-maestu-curso-2023-2024\/#primaryimage","url":"https:\/\/fundacionhumanismoyciencia.org\/wp-content\/uploads\/2024\/01\/fernando-maestu-fhc.webp","contentUrl":"https:\/\/fundacionhumanismoyciencia.org\/wp-content\/uploads\/2024\/01\/fernando-maestu-fhc.webp"},{"@type":"BreadcrumbList","@id":"https:\/\/fundacionhumanismoyciencia.org\/fernando-maestu-curso-2023-2024\/#breadcrumb","itemListElement":[{"@type":"ListItem","position":1,"name":"Portada","item":"https:\/\/fundacionhumanismoyciencia.org\/"},{"@type":"ListItem","position":2,"name":"Fernando Maest\u00fa curso 2023-2024"}]},{"@type":"WebSite","@id":"https:\/\/fundacionhumanismoyciencia.org\/#website","url":"https:\/\/fundacionhumanismoyciencia.org\/","name":"Fundaci\u00f3n humanismo y ciencia","description":"","publisher":{"@id":"https:\/\/fundacionhumanismoyciencia.org\/#organization"},"potentialAction":[{"@type":"SearchAction","target":{"@type":"EntryPoint","urlTemplate":"https:\/\/fundacionhumanismoyciencia.org\/?s={search_term_string}"},"query-input":{"@type":"PropertyValueSpecification","valueRequired":true,"valueName":"search_term_string"}}],"inLanguage":"en-GB"},{"@type":"Organization","@id":"https:\/\/fundacionhumanismoyciencia.org\/#organization","name":"Fundaci\u00f3n humanismo y ciencia","url":"https:\/\/fundacionhumanismoyciencia.org\/","logo":{"@type":"ImageObject","inLanguage":"en-GB","@id":"https:\/\/fundacionhumanismoyciencia.org\/#\/schema\/logo\/image\/","url":"https:\/\/fundacionhumanismoyciencia.org\/wp-content\/uploads\/2024\/01\/Logo_Cabecera_15.png","contentUrl":"https:\/\/fundacionhumanismoyciencia.org\/wp-content\/uploads\/2024\/01\/Logo_Cabecera_15.png","width":504,"height":76,"caption":"Fundaci\u00f3n humanismo y ciencia"},"image":{"@id":"https:\/\/fundacionhumanismoyciencia.org\/#\/schema\/logo\/image\/"},"sameAs":["https:\/\/www.facebook.com\/fundacionhumanismoyciencia","https:\/\/www.instagram.com\/fundacionhumanismoyciencia_\/","https:\/\/www.linkedin.com\/company\/fundacion-humanismo-y-ciencia\/","https:\/\/www.youtube.com\/@fundacion_humanismo_ciencia"]}]}},"_links":{"self":[{"href":"https:\/\/fundacionhumanismoyciencia.org\/en\/wp-json\/wp\/v2\/pages\/1725","targetHints":{"allow":["GET"]}}],"collection":[{"href":"https:\/\/fundacionhumanismoyciencia.org\/en\/wp-json\/wp\/v2\/pages"}],"about":[{"href":"https:\/\/fundacionhumanismoyciencia.org\/en\/wp-json\/wp\/v2\/types\/page"}],"author":[{"embeddable":true,"href":"https:\/\/fundacionhumanismoyciencia.org\/en\/wp-json\/wp\/v2\/users\/1"}],"replies":[{"embeddable":true,"href":"https:\/\/fundacionhumanismoyciencia.org\/en\/wp-json\/wp\/v2\/comments?post=1725"}],"version-history":[{"count":13,"href":"https:\/\/fundacionhumanismoyciencia.org\/en\/wp-json\/wp\/v2\/pages\/1725\/revisions"}],"predecessor-version":[{"id":2060,"href":"https:\/\/fundacionhumanismoyciencia.org\/en\/wp-json\/wp\/v2\/pages\/1725\/revisions\/2060"}],"wp:attachment":[{"href":"https:\/\/fundacionhumanismoyciencia.org\/en\/wp-json\/wp\/v2\/media?parent=1725"}],"curies":[{"name":"wp","href":"https:\/\/api.w.org\/{rel}","templated":true}]}}